{"id":13035,"date":"2024-04-26T15:41:53","date_gmt":"2024-04-26T13:41:53","guid":{"rendered":"https:\/\/acieloabierto.net\/producten\/douche-aqua-zone-minimo\/"},"modified":"2024-04-26T15:41:53","modified_gmt":"2024-04-26T13:41:53","slug":"douche-aqua-zone-minimo","status":"publish","type":"product","link":"https:\/\/acieloabierto.net\/fr\/produits\/douche-aqua-zone-minimo\/","title":{"rendered":"DOUCHE AQUA ZONE MINIMO"},"content":{"rendered":"<p><span style=\"font-weight: 400;\">L&rsquo;id\u00e9e de KORTA \u00e9tait de cr\u00e9er quelque chose de plus qu&rsquo;une douche ext\u00e9rieure : une sculpture avec les caract\u00e9ristiques d&rsquo;une douche ext\u00e9rieure. L&rsquo;originalit\u00e9 de MINIMO r\u00e9side dans la passion pour la pierre naturelle et l&rsquo;artisanat. KORTA est fi\u00e8re d&rsquo;\u00eatre la premi\u00e8re entreprise de l&rsquo;histoire \u00e0 fabriquer des douches ext\u00e9rieures en pierre naturelle, enti\u00e8rement assembl\u00e9es dans l&rsquo;usine en tant qu&rsquo;unit\u00e9 de production en s\u00e9rie et exp\u00e9di\u00e9es aux clients en une seule pi\u00e8ce.<\/span><\/p>\n","protected":false},"excerpt":{"rendered":"<p>L&rsquo;id\u00e9e de KORTA \u00e9tait de cr\u00e9er quelque chose de plus qu&rsquo;une douche ext\u00e9rieure : une sculpture avec les caract\u00e9ristiques d&rsquo;une douche ext\u00e9rieure. L&rsquo;originalit\u00e9 de MINIMO r\u00e9side dans la passion pour la pierre naturelle et l&rsquo;artisanat. KORTA est fi\u00e8re d&rsquo;\u00eatre la premi\u00e8re entreprise de l&rsquo;histoire \u00e0 fabriquer des douches ext\u00e9rieures en pierre naturelle, enti\u00e8rement assembl\u00e9es dans [&hellip;]<\/p>\n","protected":false},"featured_media":13052,"comment_status":"open","ping_status":"closed","template":"","meta":{"wds_primary_pwb-brand":0,"wds_primary_product_cat":0},"brands":[{"id":629,"name":"KORTA","slug":"korta-fr"}],"yoast_head":"<!-- This site is optimized with the Yoast SEO plugin v16.3 - https:\/\/yoast.com\/wordpress\/plugins\/seo\/ -->\n<title>DOUCHE AQUA ZONE MINIMO - Acielo Abierto<\/title>\n<meta name=\"description\" content=\"Douche ext\u00e9rieure Marbella design by KORTA disponible en Espagne chez A Cielo Abierto garden furniture \u00e0 Marbella, Estapona, Altea et Benissa.\" \/>\n<meta name=\"robots\" content=\"index, follow, max-snippet:-1, max-image-preview:large, max-video-preview:-1\" \/>\n<link rel=\"canonical\" href=\"https:\/\/acieloabierto.net\/fr\/produits\/douche-aqua-zone-minimo\/\" \/>\n<meta property=\"og:locale\" content=\"fr_FR\" \/>\n<meta property=\"og:type\" content=\"article\" \/>\n<meta property=\"og:title\" content=\"DOUCHE AQUA ZONE MINIMO - Acielo Abierto\" \/>\n<meta property=\"og:description\" content=\"Douche ext\u00e9rieure Marbella design by KORTA disponible en Espagne chez A Cielo Abierto garden furniture \u00e0 Marbella, Estapona, Altea et Benissa.\" \/>\n<meta property=\"og:url\" content=\"https:\/\/acieloabierto.net\/fr\/produits\/douche-aqua-zone-minimo\/\" \/>\n<meta property=\"og:site_name\" content=\"Acielo Abierto\" \/>\n<meta property=\"og:image\" content=\"https:\/\/acieloabierto.net\/wp-content\/uploads\/2024\/04\/KM_14b_Post-2-2.jpg\" \/>\n\t<meta property=\"og:image:width\" content=\"1657\" \/>\n\t<meta property=\"og:image:height\" content=\"989\" \/>\n<meta name=\"twitter:card\" content=\"summary_large_image\" \/>\n<script type=\"application\/ld+json\" class=\"yoast-schema-graph\">{\"@context\":\"https:\/\/schema.org\",\"@graph\":[{\"@type\":\"Organization\",\"@id\":\"https:\/\/acieloabierto.net\/en\/#organization\",\"name\":\"A Cielo Abierto\",\"url\":\"https:\/\/acieloabierto.net\/en\/\",\"sameAs\":[],\"logo\":{\"@type\":\"ImageObject\",\"@id\":\"https:\/\/acieloabierto.net\/en\/#logo\",\"inLanguage\":\"fr-FR\",\"url\":\"https:\/\/acieloabierto.net\/wp-content\/uploads\/2021\/02\/logo.svg\",\"contentUrl\":\"https:\/\/acieloabierto.net\/wp-content\/uploads\/2021\/02\/logo.svg\",\"caption\":\"A Cielo Abierto\"},\"image\":{\"@id\":\"https:\/\/acieloabierto.net\/en\/#logo\"}},{\"@type\":\"WebSite\",\"@id\":\"https:\/\/acieloabierto.net\/en\/#website\",\"url\":\"https:\/\/acieloabierto.net\/en\/\",\"name\":\"Acielo Abierto\",\"description\":\"Tuinmeubels Costa Blanca\",\"publisher\":{\"@id\":\"https:\/\/acieloabierto.net\/en\/#organization\"},\"potentialAction\":[{\"@type\":\"SearchAction\",\"target\":\"https:\/\/acieloabierto.net\/en\/?s={search_term_string}\",\"query-input\":\"required name=search_term_string\"}],\"inLanguage\":\"fr-FR\"},{\"@type\":\"ImageObject\",\"@id\":\"https:\/\/acieloabierto.net\/fr\/produits\/douche-aqua-zone-minimo\/#primaryimage\",\"inLanguage\":\"fr-FR\",\"url\":\"https:\/\/acieloabierto.net\/wp-content\/uploads\/2024\/04\/KM_14b_Post-2-2.jpg\",\"contentUrl\":\"https:\/\/acieloabierto.net\/wp-content\/uploads\/2024\/04\/KM_14b_Post-2-2.jpg\",\"width\":1657,\"height\":989},{\"@type\":\"WebPage\",\"@id\":\"https:\/\/acieloabierto.net\/fr\/produits\/douche-aqua-zone-minimo\/#webpage\",\"url\":\"https:\/\/acieloabierto.net\/fr\/produits\/douche-aqua-zone-minimo\/\",\"name\":\"DOUCHE AQUA ZONE MINIMO - Acielo Abierto\",\"isPartOf\":{\"@id\":\"https:\/\/acieloabierto.net\/en\/#website\"},\"primaryImageOfPage\":{\"@id\":\"https:\/\/acieloabierto.net\/fr\/produits\/douche-aqua-zone-minimo\/#primaryimage\"},\"datePublished\":\"2024-04-26T13:41:53+00:00\",\"dateModified\":\"2024-04-26T13:41:53+00:00\",\"description\":\"Douche ext\\u00e9rieure Marbella design by KORTA disponible en Espagne chez A Cielo Abierto garden furniture \\u00e0 Marbella, Estapona, Altea et Benissa.\",\"breadcrumb\":{\"@id\":\"https:\/\/acieloabierto.net\/fr\/produits\/douche-aqua-zone-minimo\/#breadcrumb\"},\"inLanguage\":\"fr-FR\",\"potentialAction\":[{\"@type\":\"ReadAction\",\"target\":[\"https:\/\/acieloabierto.net\/fr\/produits\/douche-aqua-zone-minimo\/\"]}]},{\"@type\":\"BreadcrumbList\",\"@id\":\"https:\/\/acieloabierto.net\/fr\/produits\/douche-aqua-zone-minimo\/#breadcrumb\",\"itemListElement\":[{\"@type\":\"ListItem\",\"position\":1,\"item\":{\"@type\":\"WebPage\",\"@id\":\"https:\/\/acieloabierto.net\/fr\/\",\"url\":\"https:\/\/acieloabierto.net\/fr\/\",\"name\":\"Home\"}},{\"@type\":\"ListItem\",\"position\":2,\"item\":{\"@type\":\"WebPage\",\"@id\":\"\",\"url\":\"\",\"name\":\"\"}},{\"@type\":\"ListItem\",\"position\":3,\"item\":{\"@id\":\"https:\/\/acieloabierto.net\/fr\/produits\/douche-aqua-zone-minimo\/#webpage\"}}]}]}<\/script>\n<!-- \/ Yoast SEO plugin. -->","_links":{"self":[{"href":"https:\/\/acieloabierto.net\/fr\/wp-json\/wp\/v2\/product\/13035"}],"collection":[{"href":"https:\/\/acieloabierto.net\/fr\/wp-json\/wp\/v2\/product"}],"about":[{"href":"https:\/\/acieloabierto.net\/fr\/wp-json\/wp\/v2\/types\/product"}],"replies":[{"embeddable":true,"href":"https:\/\/acieloabierto.net\/fr\/wp-json\/wp\/v2\/comments?post=13035"}],"wp:featuredmedia":[{"embeddable":true,"href":"https:\/\/acieloabierto.net\/fr\/wp-json\/wp\/v2\/media\/13052"}],"wp:attachment":[{"href":"https:\/\/acieloabierto.net\/fr\/wp-json\/wp\/v2\/media?parent=13035"}],"curies":[{"name":"wp","href":"https:\/\/api.w.org\/{rel}","templated":true}]}}