{"id":12015,"date":"2024-04-26T15:41:53","date_gmt":"2024-04-26T13:41:53","guid":{"rendered":"https:\/\/acieloabierto.net\/producten\/minimo-buiten-douche\/"},"modified":"2024-04-26T17:05:54","modified_gmt":"2024-04-26T15:05:54","slug":"minimo-ducha","status":"publish","type":"product","link":"https:\/\/acieloabierto.net\/es\/producten\/minimo-ducha\/","title":{"rendered":"AQUA ZONE MINIMO DUCHA"},"content":{"rendered":"<p>La idea de KORTA era crear algo m\u00e1s que una ducha exterior: una escultura con las caracter\u00edsticas de una ducha exterior. Lo \u00fanico detr\u00e1s de MINIMO es la pasi\u00f3n por la piedra natural y la artesan\u00eda. KORTA se enorgullece de ser la primera empresa de la historia en fabricar duchas de exterior en piedra natural, totalmente montadas en f\u00e1brica como una unidad de producci\u00f3n en serie y enviadas al cliente como una sola pieza.<\/p>\n","protected":false},"excerpt":{"rendered":"<p>La idea de KORTA era crear algo m\u00e1s que una ducha exterior: una escultura con las caracter\u00edsticas de una ducha exterior. Lo \u00fanico detr\u00e1s de MINIMO es la pasi\u00f3n por la piedra natural y la artesan\u00eda. KORTA se enorgullece de ser la primera empresa de la historia en fabricar duchas de exterior en piedra natural, [&hellip;]<\/p>\n","protected":false},"featured_media":11872,"comment_status":"open","ping_status":"closed","template":"","meta":{"wds_primary_pwb-brand":0,"wds_primary_product_cat":0},"brands":[{"id":602,"name":"KORTA","slug":"korta"}],"yoast_head":"<!-- This site is optimized with the Yoast SEO plugin v16.3 - https:\/\/yoast.com\/wordpress\/plugins\/seo\/ -->\n<title>AQUA ZONE MINIMO DUCHA - A Cielo Abierto<\/title>\n<meta name=\"description\" content=\"Dise\u00f1o de ducha exterior Marbella de KORTA disponible en Espa\u00f1a en muebles de jard\u00edn A Cielo Abierto en Marbella, Estapona, Altea y Benissa.\" \/>\n<meta name=\"robots\" content=\"index, follow, max-snippet:-1, max-image-preview:large, max-video-preview:-1\" \/>\n<link rel=\"canonical\" href=\"https:\/\/acieloabierto.net\/es\/producten\/minimo-ducha\/\" \/>\n<meta property=\"og:locale\" content=\"es_ES\" \/>\n<meta property=\"og:type\" content=\"article\" \/>\n<meta property=\"og:title\" content=\"AQUA ZONE MINIMO DUCHA - A Cielo Abierto\" \/>\n<meta property=\"og:description\" content=\"Dise\u00f1o de ducha exterior Marbella de KORTA disponible en Espa\u00f1a en muebles de jard\u00edn A Cielo Abierto en Marbella, Estapona, Altea y Benissa.\" \/>\n<meta property=\"og:url\" content=\"https:\/\/acieloabierto.net\/es\/producten\/minimo-ducha\/\" \/>\n<meta property=\"og:site_name\" content=\"A Cielo Abierto\" \/>\n<meta property=\"article:modified_time\" content=\"2024-04-26T15:05:54+00:00\" \/>\n<meta property=\"og:image\" content=\"https:\/\/acieloabierto.net\/wp-content\/uploads\/2024\/04\/KM_14b_Post-2-2.jpg\" \/>\n\t<meta property=\"og:image:width\" content=\"1657\" \/>\n\t<meta property=\"og:image:height\" content=\"989\" \/>\n<meta name=\"twitter:card\" content=\"summary_large_image\" \/>\n<script type=\"application\/ld+json\" class=\"yoast-schema-graph\">{\"@context\":\"https:\/\/schema.org\",\"@graph\":[{\"@type\":\"Organization\",\"@id\":\"https:\/\/acieloabierto.net\/en\/#organization\",\"name\":\"A Cielo Abierto\",\"url\":\"https:\/\/acieloabierto.net\/en\/\",\"sameAs\":[],\"logo\":{\"@type\":\"ImageObject\",\"@id\":\"https:\/\/acieloabierto.net\/en\/#logo\",\"inLanguage\":\"es\",\"url\":\"https:\/\/acieloabierto.net\/wp-content\/uploads\/2021\/02\/logo.svg\",\"contentUrl\":\"https:\/\/acieloabierto.net\/wp-content\/uploads\/2021\/02\/logo.svg\",\"caption\":\"A Cielo Abierto\"},\"image\":{\"@id\":\"https:\/\/acieloabierto.net\/en\/#logo\"}},{\"@type\":\"WebSite\",\"@id\":\"https:\/\/acieloabierto.net\/en\/#website\",\"url\":\"https:\/\/acieloabierto.net\/en\/\",\"name\":\"A Cielo Abierto\",\"description\":\"Tuinmeubels Costa Blanca\",\"publisher\":{\"@id\":\"https:\/\/acieloabierto.net\/en\/#organization\"},\"potentialAction\":[{\"@type\":\"SearchAction\",\"target\":\"https:\/\/acieloabierto.net\/en\/?s={search_term_string}\",\"query-input\":\"required name=search_term_string\"}],\"inLanguage\":\"es\"},{\"@type\":\"ImageObject\",\"@id\":\"https:\/\/acieloabierto.net\/es\/producten\/minimo-ducha\/#primaryimage\",\"inLanguage\":\"es\",\"url\":\"https:\/\/acieloabierto.net\/wp-content\/uploads\/2024\/04\/KM_14b_Post-2-2.jpg\",\"contentUrl\":\"https:\/\/acieloabierto.net\/wp-content\/uploads\/2024\/04\/KM_14b_Post-2-2.jpg\",\"width\":1657,\"height\":989},{\"@type\":\"WebPage\",\"@id\":\"https:\/\/acieloabierto.net\/es\/producten\/minimo-ducha\/#webpage\",\"url\":\"https:\/\/acieloabierto.net\/es\/producten\/minimo-ducha\/\",\"name\":\"AQUA ZONE MINIMO DUCHA - A Cielo Abierto\",\"isPartOf\":{\"@id\":\"https:\/\/acieloabierto.net\/en\/#website\"},\"primaryImageOfPage\":{\"@id\":\"https:\/\/acieloabierto.net\/es\/producten\/minimo-ducha\/#primaryimage\"},\"datePublished\":\"2024-04-26T13:41:53+00:00\",\"dateModified\":\"2024-04-26T15:05:54+00:00\",\"description\":\"Dise\\u00f1o de ducha exterior Marbella de KORTA disponible en Espa\\u00f1a en muebles de jard\\u00edn A Cielo Abierto en Marbella, Estapona, Altea y Benissa.\",\"breadcrumb\":{\"@id\":\"https:\/\/acieloabierto.net\/es\/producten\/minimo-ducha\/#breadcrumb\"},\"inLanguage\":\"es\",\"potentialAction\":[{\"@type\":\"ReadAction\",\"target\":[\"https:\/\/acieloabierto.net\/es\/producten\/minimo-ducha\/\"]}]},{\"@type\":\"BreadcrumbList\",\"@id\":\"https:\/\/acieloabierto.net\/es\/producten\/minimo-ducha\/#breadcrumb\",\"itemListElement\":[{\"@type\":\"ListItem\",\"position\":1,\"item\":{\"@type\":\"WebPage\",\"@id\":\"https:\/\/acieloabierto.net\/\",\"url\":\"https:\/\/acieloabierto.net\/\",\"name\":\"Home\"}},{\"@type\":\"ListItem\",\"position\":2,\"item\":{\"@type\":\"WebPage\",\"@id\":\"\",\"url\":\"\",\"name\":\"\"}},{\"@type\":\"ListItem\",\"position\":3,\"item\":{\"@id\":\"https:\/\/acieloabierto.net\/es\/producten\/minimo-ducha\/#webpage\"}}]}]}<\/script>\n<!-- \/ Yoast SEO plugin. -->","_links":{"self":[{"href":"https:\/\/acieloabierto.net\/es\/wp-json\/wp\/v2\/product\/12015"}],"collection":[{"href":"https:\/\/acieloabierto.net\/es\/wp-json\/wp\/v2\/product"}],"about":[{"href":"https:\/\/acieloabierto.net\/es\/wp-json\/wp\/v2\/types\/product"}],"replies":[{"embeddable":true,"href":"https:\/\/acieloabierto.net\/es\/wp-json\/wp\/v2\/comments?post=12015"}],"wp:featuredmedia":[{"embeddable":true,"href":"https:\/\/acieloabierto.net\/es\/wp-json\/wp\/v2\/media\/11872"}],"wp:attachment":[{"href":"https:\/\/acieloabierto.net\/es\/wp-json\/wp\/v2\/media?parent=12015"}],"curies":[{"name":"wp","href":"https:\/\/api.w.org\/{rel}","templated":true}]}}